{"id":17178,"date":"2022-02-14T12:23:36","date_gmt":"2022-02-14T11:23:36","guid":{"rendered":"https:\/\/accessrec.eu\/product\/Ikke%20kategoriseret\/solseng-haevet-liggestol-solbadning-for-bevaegelseshaemmede\/"},"modified":"2024-05-28T09:22:16","modified_gmt":"2024-05-28T07:22:16","slug":"solseng","status":"publish","type":"product","link":"https:\/\/accessrec.eu\/da\/afslapning-og-komfort-for-personer-med-nedsat-mobilitet\/solseng\/","title":{"rendered":"Solseng &#8211; H\u00e6vet liggestol &#8211; Solbadning for bev\u00e6gelsesh\u00e6mmede"},"content":{"rendered":"","protected":false},"excerpt":{"rendered":"<p>H\u00e6vede solsenge, en liggestol tilg\u00e6ngelig for alle<\/p>\n","protected":false},"featured_media":17191,"comment_status":"open","ping_status":"closed","template":"","meta":{"_acf_changed":false,"site-sidebar-layout":"default","site-content-layout":"default","ast-site-content-layout":"default","site-content-style":"default","site-sidebar-style":"default","ast-global-header-display":"","ast-banner-title-visibility":"","ast-main-header-display":"","ast-hfb-above-header-display":"","ast-hfb-below-header-display":"","ast-hfb-mobile-header-display":"","site-post-title":"","ast-breadcrumbs-content":"","ast-featured-img":"","footer-sml-layout":"","theme-transparent-header-meta":"default","adv-header-id-meta":"","stick-header-meta":"","header-above-stick-meta":"","header-main-stick-meta":"","header-below-stick-meta":"","astra-migrate-meta-layouts":"default","ast-page-background-enabled":"default","ast-page-background-meta":{"desktop":{"background-color":"","background-image":"","background-repeat":"repeat","background-position":"center center","background-size":"auto","background-attachment":"scroll","background-type":"","background-media":"","overlay-type":"","overlay-color":"","overlay-opacity":"","overlay-gradient":""},"tablet":{"background-color":"","background-image":"","background-repeat":"repeat","background-position":"center center","background-size":"auto","background-attachment":"scroll","background-type":"","background-media":"","overlay-type":"","overlay-color":"","overlay-opacity":"","overlay-gradient":""},"mobile":{"background-color":"","background-image":"","background-repeat":"repeat","background-position":"center center","background-size":"auto","background-attachment":"scroll","background-type":"","background-media":"","overlay-type":"","overlay-color":"","overlay-opacity":"","overlay-gradient":""}},"ast-content-background-meta":{"desktop":{"background-color":"var(--ast-global-color-5)","background-image":"","background-repeat":"repeat","background-position":"center center","background-size":"auto","background-attachment":"scroll","background-type":"","background-media":"","overlay-type":"","overlay-color":"","overlay-opacity":"","overlay-gradient":""},"tablet":{"background-color":"var(--ast-global-color-5)","background-image":"","background-repeat":"repeat","background-position":"center center","background-size":"auto","background-attachment":"scroll","background-type":"","background-media":"","overlay-type":"","overlay-color":"","overlay-opacity":"","overlay-gradient":""},"mobile":{"background-color":"var(--ast-global-color-5)","background-image":"","background-repeat":"repeat","background-position":"center center","background-size":"auto","background-attachment":"scroll","background-type":"","background-media":"","overlay-type":"","overlay-color":"","overlay-opacity":"","overlay-gradient":""}}},"product_brand":[],"product_cat":[1263],"product_tag":[],"class_list":{"0":"post-17178","1":"product","2":"type-product","3":"status-publish","4":"has-post-thumbnail","6":"product_cat-afslapning-og-komfort-for-personer-med-nedsat-mobilitet","7":"desktop-align-left","8":"tablet-align-left","9":"mobile-align-left","11":"first","12":"instock","13":"taxable","14":"shipping-taxable","15":"purchasable","16":"product-type-variable"},"acf":[],"yoast_head":"<!-- This site is optimized with the Yoast SEO plugin v27.5 - https:\/\/yoast.com\/product\/yoast-seo-wordpress\/ -->\n<title>Solseng - H\u00e6vet liggestol - Solbadning for bev\u00e6gelsesh\u00e6mmede | Accessrec<\/title>\n<meta name=\"description\" content=\"The Sunbed er en h\u00e6vet strandstol til solbadning, som er designet til at v\u00e6re tilg\u00e6ngelig for bev\u00e6gelsesh\u00e6mmede (PRM).\" \/>\n<meta name=\"robots\" content=\"index, follow, max-snippet:-1, max-image-preview:large, max-video-preview:-1\" \/>\n<link rel=\"canonical\" href=\"https:\/\/accessrec.eu\/da\/afslapning-og-komfort-for-personer-med-nedsat-mobilitet\/solseng\/\" \/>\n<meta property=\"og:locale\" content=\"da_DK\" \/>\n<meta property=\"og:type\" content=\"article\" \/>\n<meta property=\"og:title\" content=\"Solseng - H\u00e6vet liggestol - Solbadning for bev\u00e6gelsesh\u00e6mmede | Accessrec\" \/>\n<meta property=\"og:description\" content=\"The Sunbed er en h\u00e6vet strandstol til solbadning, som er designet til at v\u00e6re tilg\u00e6ngelig for bev\u00e6gelsesh\u00e6mmede (PRM).\" \/>\n<meta property=\"og:url\" content=\"https:\/\/accessrec.eu\/da\/afslapning-og-komfort-for-personer-med-nedsat-mobilitet\/solseng\/\" \/>\n<meta property=\"og:site_name\" content=\"Accessrec\" \/>\n<meta property=\"article:modified_time\" content=\"2024-05-28T07:22:16+00:00\" \/>\n<meta property=\"og:image\" content=\"https:\/\/accessrec.eu\/wp-content\/uploads\/2022\/02\/sunbed-1.jpg\" \/>\n\t<meta property=\"og:image:width\" content=\"855\" \/>\n\t<meta property=\"og:image:height\" content=\"624\" \/>\n\t<meta property=\"og:image:type\" content=\"image\/jpeg\" \/>\n<meta name=\"twitter:card\" content=\"summary_large_image\" \/>\n<script type=\"application\/ld+json\" class=\"yoast-schema-graph\">{\"@context\":\"https:\\\/\\\/schema.org\",\"@graph\":[{\"@type\":\"WebPage\",\"@id\":\"https:\\\/\\\/accessrec.eu\\\/da\\\/afslapning-og-komfort-for-personer-med-nedsat-mobilitet\\\/solseng\\\/\",\"url\":\"https:\\\/\\\/accessrec.eu\\\/da\\\/afslapning-og-komfort-for-personer-med-nedsat-mobilitet\\\/solseng\\\/\",\"name\":\"Solseng - H\u00e6vet liggestol - Solbadning for bev\u00e6gelsesh\u00e6mmede | Accessrec\",\"isPartOf\":{\"@id\":\"https:\\\/\\\/accessrec.eu\\\/da\\\/#website\"},\"primaryImageOfPage\":{\"@id\":\"https:\\\/\\\/accessrec.eu\\\/da\\\/afslapning-og-komfort-for-personer-med-nedsat-mobilitet\\\/solseng\\\/#primaryimage\"},\"image\":{\"@id\":\"https:\\\/\\\/accessrec.eu\\\/da\\\/afslapning-og-komfort-for-personer-med-nedsat-mobilitet\\\/solseng\\\/#primaryimage\"},\"thumbnailUrl\":\"https:\\\/\\\/accessrec.eu\\\/wp-content\\\/uploads\\\/2022\\\/02\\\/sunbed-1.jpg\",\"datePublished\":\"2022-02-14T11:23:36+00:00\",\"dateModified\":\"2024-05-28T07:22:16+00:00\",\"description\":\"The Sunbed er en h\u00e6vet strandstol til solbadning, som er designet til at v\u00e6re tilg\u00e6ngelig for bev\u00e6gelsesh\u00e6mmede (PRM).\",\"breadcrumb\":{\"@id\":\"https:\\\/\\\/accessrec.eu\\\/da\\\/afslapning-og-komfort-for-personer-med-nedsat-mobilitet\\\/solseng\\\/#breadcrumb\"},\"inLanguage\":\"da-DK\",\"potentialAction\":[{\"@type\":\"ReadAction\",\"target\":[\"https:\\\/\\\/accessrec.eu\\\/da\\\/afslapning-og-komfort-for-personer-med-nedsat-mobilitet\\\/solseng\\\/\"]}]},{\"@type\":\"ImageObject\",\"inLanguage\":\"da-DK\",\"@id\":\"https:\\\/\\\/accessrec.eu\\\/da\\\/afslapning-og-komfort-for-personer-med-nedsat-mobilitet\\\/solseng\\\/#primaryimage\",\"url\":\"https:\\\/\\\/accessrec.eu\\\/wp-content\\\/uploads\\\/2022\\\/02\\\/sunbed-1.jpg\",\"contentUrl\":\"https:\\\/\\\/accessrec.eu\\\/wp-content\\\/uploads\\\/2022\\\/02\\\/sunbed-1.jpg\",\"width\":855,\"height\":624,\"caption\":\"Solseng\"},{\"@type\":\"BreadcrumbList\",\"@id\":\"https:\\\/\\\/accessrec.eu\\\/da\\\/afslapning-og-komfort-for-personer-med-nedsat-mobilitet\\\/solseng\\\/#breadcrumb\",\"itemListElement\":[{\"@type\":\"ListItem\",\"position\":1,\"name\":\"Accueil\",\"item\":\"https:\\\/\\\/accessrec.eu\\\/da\\\/?page_id=36300\"},{\"@type\":\"ListItem\",\"position\":2,\"name\":\"Varer\",\"item\":\"https:\\\/\\\/accessrec.eu\\\/da\\\/shop\\\/\"},{\"@type\":\"ListItem\",\"position\":3,\"name\":\"Afslapning og komfort for personer med nedsat mobilitet\",\"item\":\"https:\\\/\\\/accessrec.eu\\\/da\\\/afslapning-og-komfort-for-personer-med-nedsat-mobilitet\\\/\"},{\"@type\":\"ListItem\",\"position\":4,\"name\":\"Solseng &#8211; H\u00e6vet liggestol &#8211; Solbadning for bev\u00e6gelsesh\u00e6mmede\"}]},{\"@type\":\"WebSite\",\"@id\":\"https:\\\/\\\/accessrec.eu\\\/da\\\/#website\",\"url\":\"https:\\\/\\\/accessrec.eu\\\/da\\\/\",\"name\":\"Accessrec\",\"description\":\"\",\"publisher\":{\"@id\":\"https:\\\/\\\/accessrec.eu\\\/da\\\/#organization\"},\"potentialAction\":[{\"@type\":\"SearchAction\",\"target\":{\"@type\":\"EntryPoint\",\"urlTemplate\":\"https:\\\/\\\/accessrec.eu\\\/da\\\/?s={search_term_string}\"},\"query-input\":{\"@type\":\"PropertyValueSpecification\",\"valueRequired\":true,\"valueName\":\"search_term_string\"}}],\"inLanguage\":\"da-DK\"},{\"@type\":\"Organization\",\"@id\":\"https:\\\/\\\/accessrec.eu\\\/da\\\/#organization\",\"name\":\"Accessrec\",\"url\":\"https:\\\/\\\/accessrec.eu\\\/da\\\/\",\"logo\":{\"@type\":\"ImageObject\",\"inLanguage\":\"da-DK\",\"@id\":\"https:\\\/\\\/accessrec.eu\\\/da\\\/#\\\/schema\\\/logo\\\/image\\\/\",\"url\":\"https:\\\/\\\/accessrec.eu\\\/wp-content\\\/uploads\\\/2025\\\/11\\\/accessrec-by-deschamps.webp\",\"contentUrl\":\"https:\\\/\\\/accessrec.eu\\\/wp-content\\\/uploads\\\/2025\\\/11\\\/accessrec-by-deschamps.webp\",\"width\":600,\"height\":150,\"caption\":\"Accessrec\"},\"image\":{\"@id\":\"https:\\\/\\\/accessrec.eu\\\/da\\\/#\\\/schema\\\/logo\\\/image\\\/\"}}]}<\/script>\n<!-- \/ Yoast SEO plugin. -->","yoast_head_json":{"title":"Solseng - H\u00e6vet liggestol - Solbadning for bev\u00e6gelsesh\u00e6mmede | Accessrec","description":"The Sunbed er en h\u00e6vet strandstol til solbadning, som er designet til at v\u00e6re tilg\u00e6ngelig for bev\u00e6gelsesh\u00e6mmede (PRM).","robots":{"index":"index","follow":"follow","max-snippet":"max-snippet:-1","max-image-preview":"max-image-preview:large","max-video-preview":"max-video-preview:-1"},"canonical":"https:\/\/accessrec.eu\/da\/afslapning-og-komfort-for-personer-med-nedsat-mobilitet\/solseng\/","og_locale":"da_DK","og_type":"article","og_title":"Solseng - H\u00e6vet liggestol - Solbadning for bev\u00e6gelsesh\u00e6mmede | Accessrec","og_description":"The Sunbed er en h\u00e6vet strandstol til solbadning, som er designet til at v\u00e6re tilg\u00e6ngelig for bev\u00e6gelsesh\u00e6mmede (PRM).","og_url":"https:\/\/accessrec.eu\/da\/afslapning-og-komfort-for-personer-med-nedsat-mobilitet\/solseng\/","og_site_name":"Accessrec","article_modified_time":"2024-05-28T07:22:16+00:00","og_image":[{"width":855,"height":624,"url":"https:\/\/accessrec.eu\/wp-content\/uploads\/2022\/02\/sunbed-1.jpg","type":"image\/jpeg"}],"twitter_card":"summary_large_image","schema":{"@context":"https:\/\/schema.org","@graph":[{"@type":"WebPage","@id":"https:\/\/accessrec.eu\/da\/afslapning-og-komfort-for-personer-med-nedsat-mobilitet\/solseng\/","url":"https:\/\/accessrec.eu\/da\/afslapning-og-komfort-for-personer-med-nedsat-mobilitet\/solseng\/","name":"Solseng - H\u00e6vet liggestol - Solbadning for bev\u00e6gelsesh\u00e6mmede | Accessrec","isPartOf":{"@id":"https:\/\/accessrec.eu\/da\/#website"},"primaryImageOfPage":{"@id":"https:\/\/accessrec.eu\/da\/afslapning-og-komfort-for-personer-med-nedsat-mobilitet\/solseng\/#primaryimage"},"image":{"@id":"https:\/\/accessrec.eu\/da\/afslapning-og-komfort-for-personer-med-nedsat-mobilitet\/solseng\/#primaryimage"},"thumbnailUrl":"https:\/\/accessrec.eu\/wp-content\/uploads\/2022\/02\/sunbed-1.jpg","datePublished":"2022-02-14T11:23:36+00:00","dateModified":"2024-05-28T07:22:16+00:00","description":"The Sunbed er en h\u00e6vet strandstol til solbadning, som er designet til at v\u00e6re tilg\u00e6ngelig for bev\u00e6gelsesh\u00e6mmede (PRM).","breadcrumb":{"@id":"https:\/\/accessrec.eu\/da\/afslapning-og-komfort-for-personer-med-nedsat-mobilitet\/solseng\/#breadcrumb"},"inLanguage":"da-DK","potentialAction":[{"@type":"ReadAction","target":["https:\/\/accessrec.eu\/da\/afslapning-og-komfort-for-personer-med-nedsat-mobilitet\/solseng\/"]}]},{"@type":"ImageObject","inLanguage":"da-DK","@id":"https:\/\/accessrec.eu\/da\/afslapning-og-komfort-for-personer-med-nedsat-mobilitet\/solseng\/#primaryimage","url":"https:\/\/accessrec.eu\/wp-content\/uploads\/2022\/02\/sunbed-1.jpg","contentUrl":"https:\/\/accessrec.eu\/wp-content\/uploads\/2022\/02\/sunbed-1.jpg","width":855,"height":624,"caption":"Solseng"},{"@type":"BreadcrumbList","@id":"https:\/\/accessrec.eu\/da\/afslapning-og-komfort-for-personer-med-nedsat-mobilitet\/solseng\/#breadcrumb","itemListElement":[{"@type":"ListItem","position":1,"name":"Accueil","item":"https:\/\/accessrec.eu\/da\/?page_id=36300"},{"@type":"ListItem","position":2,"name":"Varer","item":"https:\/\/accessrec.eu\/da\/shop\/"},{"@type":"ListItem","position":3,"name":"Afslapning og komfort for personer med nedsat mobilitet","item":"https:\/\/accessrec.eu\/da\/afslapning-og-komfort-for-personer-med-nedsat-mobilitet\/"},{"@type":"ListItem","position":4,"name":"Solseng &#8211; H\u00e6vet liggestol &#8211; Solbadning for bev\u00e6gelsesh\u00e6mmede"}]},{"@type":"WebSite","@id":"https:\/\/accessrec.eu\/da\/#website","url":"https:\/\/accessrec.eu\/da\/","name":"Accessrec","description":"","publisher":{"@id":"https:\/\/accessrec.eu\/da\/#organization"},"potentialAction":[{"@type":"SearchAction","target":{"@type":"EntryPoint","urlTemplate":"https:\/\/accessrec.eu\/da\/?s={search_term_string}"},"query-input":{"@type":"PropertyValueSpecification","valueRequired":true,"valueName":"search_term_string"}}],"inLanguage":"da-DK"},{"@type":"Organization","@id":"https:\/\/accessrec.eu\/da\/#organization","name":"Accessrec","url":"https:\/\/accessrec.eu\/da\/","logo":{"@type":"ImageObject","inLanguage":"da-DK","@id":"https:\/\/accessrec.eu\/da\/#\/schema\/logo\/image\/","url":"https:\/\/accessrec.eu\/wp-content\/uploads\/2025\/11\/accessrec-by-deschamps.webp","contentUrl":"https:\/\/accessrec.eu\/wp-content\/uploads\/2025\/11\/accessrec-by-deschamps.webp","width":600,"height":150,"caption":"Accessrec"},"image":{"@id":"https:\/\/accessrec.eu\/da\/#\/schema\/logo\/image\/"}}]}},"_links":{"self":[{"href":"https:\/\/accessrec.eu\/da\/wp-json\/wp\/v2\/product\/17178","targetHints":{"allow":["GET"]}}],"collection":[{"href":"https:\/\/accessrec.eu\/da\/wp-json\/wp\/v2\/product"}],"about":[{"href":"https:\/\/accessrec.eu\/da\/wp-json\/wp\/v2\/types\/product"}],"replies":[{"embeddable":true,"href":"https:\/\/accessrec.eu\/da\/wp-json\/wp\/v2\/comments?post=17178"}],"wp:featuredmedia":[{"embeddable":true,"href":"https:\/\/accessrec.eu\/da\/wp-json\/wp\/v2\/media\/17191"}],"wp:attachment":[{"href":"https:\/\/accessrec.eu\/da\/wp-json\/wp\/v2\/media?parent=17178"}],"wp:term":[{"taxonomy":"product_brand","embeddable":true,"href":"https:\/\/accessrec.eu\/da\/wp-json\/wp\/v2\/product_brand?post=17178"},{"taxonomy":"product_cat","embeddable":true,"href":"https:\/\/accessrec.eu\/da\/wp-json\/wp\/v2\/product_cat?post=17178"},{"taxonomy":"product_tag","embeddable":true,"href":"https:\/\/accessrec.eu\/da\/wp-json\/wp\/v2\/product_tag?post=17178"}],"curies":[{"name":"wp","href":"https:\/\/api.w.org\/{rel}","templated":true}]}}