{"id":16912,"date":"2022-03-11T10:44:14","date_gmt":"2022-03-11T09:44:14","guid":{"rendered":"https:\/\/accessrec.eu\/product\/bez-kategorii\/wheeleez-accesswalk-chodzik-plazowy-i-terenowy-na-kolkach\/"},"modified":"2025-09-01T16:37:30","modified_gmt":"2025-09-01T14:37:30","slug":"accesswalk","status":"publish","type":"product","link":"https:\/\/accessrec.eu\/pl\/maty-do-poruszania-sie-i-dostepu\/sprzet\/mobi-walk\/","title":{"rendered":"Mobi-walk &#8211; Chodzik pla\u017cowy i terenowy na k\u00f3\u0142kach"},"content":{"rendered":"","protected":false},"excerpt":{"rendered":"<p>Chodzik pla\u017cowy i terenowy<\/p>\n","protected":false},"featured_media":34356,"comment_status":"open","ping_status":"closed","template":"","meta":{"_acf_changed":false,"site-sidebar-layout":"default","site-content-layout":"default","ast-site-content-layout":"default","site-content-style":"default","site-sidebar-style":"default","ast-global-header-display":"","ast-banner-title-visibility":"","ast-main-header-display":"","ast-hfb-above-header-display":"","ast-hfb-below-header-display":"","ast-hfb-mobile-header-display":"","site-post-title":"","ast-breadcrumbs-content":"","ast-featured-img":"","footer-sml-layout":"","theme-transparent-header-meta":"default","adv-header-id-meta":"","stick-header-meta":"","header-above-stick-meta":"","header-main-stick-meta":"","header-below-stick-meta":"","astra-migrate-meta-layouts":"set","ast-page-background-enabled":"default","ast-page-background-meta":{"desktop":{"background-color":"","background-image":"","background-repeat":"repeat","background-position":"center center","background-size":"auto","background-attachment":"scroll","background-type":"","background-media":"","overlay-type":"","overlay-color":"","overlay-opacity":"","overlay-gradient":""},"tablet":{"background-color":"","background-image":"","background-repeat":"repeat","background-position":"center center","background-size":"auto","background-attachment":"scroll","background-type":"","background-media":"","overlay-type":"","overlay-color":"","overlay-opacity":"","overlay-gradient":""},"mobile":{"background-color":"","background-image":"","background-repeat":"repeat","background-position":"center center","background-size":"auto","background-attachment":"scroll","background-type":"","background-media":"","overlay-type":"","overlay-color":"","overlay-opacity":"","overlay-gradient":""}},"ast-content-background-meta":{"desktop":{"background-color":"var(--ast-global-color-5)","background-image":"","background-repeat":"repeat","background-position":"center center","background-size":"auto","background-attachment":"scroll","background-type":"","background-media":"","overlay-type":"","overlay-color":"","overlay-opacity":"","overlay-gradient":""},"tablet":{"background-color":"var(--ast-global-color-5)","background-image":"","background-repeat":"repeat","background-position":"center center","background-size":"auto","background-attachment":"scroll","background-type":"","background-media":"","overlay-type":"","overlay-color":"","overlay-opacity":"","overlay-gradient":""},"mobile":{"background-color":"var(--ast-global-color-5)","background-image":"","background-repeat":"repeat","background-position":"center center","background-size":"auto","background-attachment":"scroll","background-type":"","background-media":"","overlay-type":"","overlay-color":"","overlay-opacity":"","overlay-gradient":""}}},"product_brand":[],"product_cat":[1325,1331,1329],"product_tag":[],"class_list":{"0":"post-16912","1":"product","2":"type-product","3":"status-publish","4":"has-post-thumbnail","6":"product_cat-plaza-pl","7":"product_cat-relaks-i-komfort-osoba-o-ograniczonej-sprawnosci-ruchowej","8":"product_cat-sprzet","9":"desktop-align-left","10":"tablet-align-left","11":"mobile-align-left","13":"first","14":"instock","15":"taxable","16":"shipping-taxable","17":"purchasable","18":"product-type-simple"},"acf":[],"yoast_head":"<!-- This site is optimized with the Yoast SEO plugin v27.5 - https:\/\/yoast.com\/product\/yoast-seo-wordpress\/ -->\n<title>Mobi-walk - Chodzik pla\u017cowy i terenowy na k\u00f3\u0142kach | Accessrec<\/title>\n<meta name=\"description\" content=\"Mobi-walk to chodzik terenowy dla os\u00f3b starszych lub os\u00f3b o ograniczonej sprawno\u015bci ruchowej (PRM). Dost\u0119pna r\u00f3wnie\u017c w wersji pla\u017cowej.\" \/>\n<meta name=\"robots\" content=\"index, follow, max-snippet:-1, max-image-preview:large, max-video-preview:-1\" \/>\n<link rel=\"canonical\" href=\"https:\/\/accessrec.eu\/pl\/maty-do-poruszania-sie-i-dostepu\/sprzet\/mobi-walk\/\" \/>\n<meta property=\"og:locale\" content=\"pl_PL\" \/>\n<meta property=\"og:type\" content=\"article\" \/>\n<meta property=\"og:title\" content=\"Mobi-walk - Chodzik pla\u017cowy i terenowy na k\u00f3\u0142kach | Accessrec\" \/>\n<meta property=\"og:description\" content=\"Mobi-walk to chodzik terenowy dla os\u00f3b starszych lub os\u00f3b o ograniczonej sprawno\u015bci ruchowej (PRM). Dost\u0119pna r\u00f3wnie\u017c w wersji pla\u017cowej.\" \/>\n<meta property=\"og:url\" content=\"https:\/\/accessrec.eu\/pl\/maty-do-poruszania-sie-i-dostepu\/sprzet\/mobi-walk\/\" \/>\n<meta property=\"og:site_name\" content=\"Accessrec\" \/>\n<meta property=\"article:modified_time\" content=\"2025-09-01T14:37:30+00:00\" \/>\n<meta property=\"og:image\" content=\"https:\/\/accessrec.eu\/wp-content\/uploads\/2022\/03\/mobi-walk-sur-herbe.jpg\" \/>\n\t<meta property=\"og:image:width\" content=\"855\" \/>\n\t<meta property=\"og:image:height\" content=\"624\" \/>\n\t<meta property=\"og:image:type\" content=\"image\/jpeg\" \/>\n<meta name=\"twitter:card\" content=\"summary_large_image\" \/>\n<meta name=\"twitter:label1\" content=\"Szacowany czas czytania\" \/>\n\t<meta name=\"twitter:data1\" content=\"1 minuta\" \/>\n<script type=\"application\/ld+json\" class=\"yoast-schema-graph\">{\"@context\":\"https:\\\/\\\/schema.org\",\"@graph\":[{\"@type\":\"WebPage\",\"@id\":\"https:\\\/\\\/accessrec.eu\\\/pl\\\/maty-do-poruszania-sie-i-dostepu\\\/sprzet\\\/mobi-walk\\\/\",\"url\":\"https:\\\/\\\/accessrec.eu\\\/pl\\\/maty-do-poruszania-sie-i-dostepu\\\/sprzet\\\/mobi-walk\\\/\",\"name\":\"Mobi-walk - Chodzik pla\u017cowy i terenowy na k\u00f3\u0142kach | Accessrec\",\"isPartOf\":{\"@id\":\"https:\\\/\\\/accessrec.eu\\\/pl\\\/#website\"},\"primaryImageOfPage\":{\"@id\":\"https:\\\/\\\/accessrec.eu\\\/pl\\\/maty-do-poruszania-sie-i-dostepu\\\/sprzet\\\/mobi-walk\\\/#primaryimage\"},\"image\":{\"@id\":\"https:\\\/\\\/accessrec.eu\\\/pl\\\/maty-do-poruszania-sie-i-dostepu\\\/sprzet\\\/mobi-walk\\\/#primaryimage\"},\"thumbnailUrl\":\"https:\\\/\\\/accessrec.eu\\\/wp-content\\\/uploads\\\/2022\\\/03\\\/mobi-walk-sur-herbe.jpg\",\"datePublished\":\"2022-03-11T09:44:14+00:00\",\"dateModified\":\"2025-09-01T14:37:30+00:00\",\"description\":\"Mobi-walk to chodzik terenowy dla os\u00f3b starszych lub os\u00f3b o ograniczonej sprawno\u015bci ruchowej (PRM). Dost\u0119pna r\u00f3wnie\u017c w wersji pla\u017cowej.\",\"breadcrumb\":{\"@id\":\"https:\\\/\\\/accessrec.eu\\\/pl\\\/maty-do-poruszania-sie-i-dostepu\\\/sprzet\\\/mobi-walk\\\/#breadcrumb\"},\"inLanguage\":\"pl-PL\",\"potentialAction\":[{\"@type\":\"ReadAction\",\"target\":[\"https:\\\/\\\/accessrec.eu\\\/pl\\\/maty-do-poruszania-sie-i-dostepu\\\/sprzet\\\/mobi-walk\\\/\"]}]},{\"@type\":\"ImageObject\",\"inLanguage\":\"pl-PL\",\"@id\":\"https:\\\/\\\/accessrec.eu\\\/pl\\\/maty-do-poruszania-sie-i-dostepu\\\/sprzet\\\/mobi-walk\\\/#primaryimage\",\"url\":\"https:\\\/\\\/accessrec.eu\\\/wp-content\\\/uploads\\\/2022\\\/03\\\/mobi-walk-sur-herbe.jpg\",\"contentUrl\":\"https:\\\/\\\/accessrec.eu\\\/wp-content\\\/uploads\\\/2022\\\/03\\\/mobi-walk-sur-herbe.jpg\",\"width\":855,\"height\":624,\"caption\":\"xr:d:DAFUL6ye29I:5,j:147381454,t:22120815\"},{\"@type\":\"BreadcrumbList\",\"@id\":\"https:\\\/\\\/accessrec.eu\\\/pl\\\/maty-do-poruszania-sie-i-dostepu\\\/sprzet\\\/mobi-walk\\\/#breadcrumb\",\"itemListElement\":[{\"@type\":\"ListItem\",\"position\":1,\"name\":\"Accueil\",\"item\":\"https:\\\/\\\/accessrec.eu\\\/pl\\\/?page_id=36822\"},{\"@type\":\"ListItem\",\"position\":2,\"name\":\"Produkty\",\"item\":\"https:\\\/\\\/accessrec.eu\\\/pl\\\/shop\\\/\"},{\"@type\":\"ListItem\",\"position\":3,\"name\":\"Maty do poruszania si\u0119 i dost\u0119pu\",\"item\":\"https:\\\/\\\/accessrec.eu\\\/pl\\\/maty-do-poruszania-sie-i-dostepu\\\/\"},{\"@type\":\"ListItem\",\"position\":4,\"name\":\"Sprz\u0119t\",\"item\":\"https:\\\/\\\/accessrec.eu\\\/pl\\\/maty-do-poruszania-sie-i-dostepu\\\/sprzet\\\/\"},{\"@type\":\"ListItem\",\"position\":5,\"name\":\"Mobi-walk &#8211; Chodzik pla\u017cowy i terenowy na k\u00f3\u0142kach\"}]},{\"@type\":\"WebSite\",\"@id\":\"https:\\\/\\\/accessrec.eu\\\/pl\\\/#website\",\"url\":\"https:\\\/\\\/accessrec.eu\\\/pl\\\/\",\"name\":\"Accessrec\",\"description\":\"\",\"publisher\":{\"@id\":\"https:\\\/\\\/accessrec.eu\\\/pl\\\/#organization\"},\"potentialAction\":[{\"@type\":\"SearchAction\",\"target\":{\"@type\":\"EntryPoint\",\"urlTemplate\":\"https:\\\/\\\/accessrec.eu\\\/pl\\\/?s={search_term_string}\"},\"query-input\":{\"@type\":\"PropertyValueSpecification\",\"valueRequired\":true,\"valueName\":\"search_term_string\"}}],\"inLanguage\":\"pl-PL\"},{\"@type\":\"Organization\",\"@id\":\"https:\\\/\\\/accessrec.eu\\\/pl\\\/#organization\",\"name\":\"Accessrec\",\"url\":\"https:\\\/\\\/accessrec.eu\\\/pl\\\/\",\"logo\":{\"@type\":\"ImageObject\",\"inLanguage\":\"pl-PL\",\"@id\":\"https:\\\/\\\/accessrec.eu\\\/pl\\\/#\\\/schema\\\/logo\\\/image\\\/\",\"url\":\"https:\\\/\\\/accessrec.eu\\\/wp-content\\\/uploads\\\/2025\\\/11\\\/accessrec-by-deschamps.webp\",\"contentUrl\":\"https:\\\/\\\/accessrec.eu\\\/wp-content\\\/uploads\\\/2025\\\/11\\\/accessrec-by-deschamps.webp\",\"width\":600,\"height\":150,\"caption\":\"Accessrec\"},\"image\":{\"@id\":\"https:\\\/\\\/accessrec.eu\\\/pl\\\/#\\\/schema\\\/logo\\\/image\\\/\"}}]}<\/script>\n<!-- \/ Yoast SEO plugin. -->","yoast_head_json":{"title":"Mobi-walk - Chodzik pla\u017cowy i terenowy na k\u00f3\u0142kach | Accessrec","description":"Mobi-walk to chodzik terenowy dla os\u00f3b starszych lub os\u00f3b o ograniczonej sprawno\u015bci ruchowej (PRM). Dost\u0119pna r\u00f3wnie\u017c w wersji pla\u017cowej.","robots":{"index":"index","follow":"follow","max-snippet":"max-snippet:-1","max-image-preview":"max-image-preview:large","max-video-preview":"max-video-preview:-1"},"canonical":"https:\/\/accessrec.eu\/pl\/maty-do-poruszania-sie-i-dostepu\/sprzet\/mobi-walk\/","og_locale":"pl_PL","og_type":"article","og_title":"Mobi-walk - Chodzik pla\u017cowy i terenowy na k\u00f3\u0142kach | Accessrec","og_description":"Mobi-walk to chodzik terenowy dla os\u00f3b starszych lub os\u00f3b o ograniczonej sprawno\u015bci ruchowej (PRM). Dost\u0119pna r\u00f3wnie\u017c w wersji pla\u017cowej.","og_url":"https:\/\/accessrec.eu\/pl\/maty-do-poruszania-sie-i-dostepu\/sprzet\/mobi-walk\/","og_site_name":"Accessrec","article_modified_time":"2025-09-01T14:37:30+00:00","og_image":[{"width":855,"height":624,"url":"https:\/\/accessrec.eu\/wp-content\/uploads\/2022\/03\/mobi-walk-sur-herbe.jpg","type":"image\/jpeg"}],"twitter_card":"summary_large_image","twitter_misc":{"Szacowany czas czytania":"1 minuta"},"schema":{"@context":"https:\/\/schema.org","@graph":[{"@type":"WebPage","@id":"https:\/\/accessrec.eu\/pl\/maty-do-poruszania-sie-i-dostepu\/sprzet\/mobi-walk\/","url":"https:\/\/accessrec.eu\/pl\/maty-do-poruszania-sie-i-dostepu\/sprzet\/mobi-walk\/","name":"Mobi-walk - Chodzik pla\u017cowy i terenowy na k\u00f3\u0142kach | Accessrec","isPartOf":{"@id":"https:\/\/accessrec.eu\/pl\/#website"},"primaryImageOfPage":{"@id":"https:\/\/accessrec.eu\/pl\/maty-do-poruszania-sie-i-dostepu\/sprzet\/mobi-walk\/#primaryimage"},"image":{"@id":"https:\/\/accessrec.eu\/pl\/maty-do-poruszania-sie-i-dostepu\/sprzet\/mobi-walk\/#primaryimage"},"thumbnailUrl":"https:\/\/accessrec.eu\/wp-content\/uploads\/2022\/03\/mobi-walk-sur-herbe.jpg","datePublished":"2022-03-11T09:44:14+00:00","dateModified":"2025-09-01T14:37:30+00:00","description":"Mobi-walk to chodzik terenowy dla os\u00f3b starszych lub os\u00f3b o ograniczonej sprawno\u015bci ruchowej (PRM). Dost\u0119pna r\u00f3wnie\u017c w wersji pla\u017cowej.","breadcrumb":{"@id":"https:\/\/accessrec.eu\/pl\/maty-do-poruszania-sie-i-dostepu\/sprzet\/mobi-walk\/#breadcrumb"},"inLanguage":"pl-PL","potentialAction":[{"@type":"ReadAction","target":["https:\/\/accessrec.eu\/pl\/maty-do-poruszania-sie-i-dostepu\/sprzet\/mobi-walk\/"]}]},{"@type":"ImageObject","inLanguage":"pl-PL","@id":"https:\/\/accessrec.eu\/pl\/maty-do-poruszania-sie-i-dostepu\/sprzet\/mobi-walk\/#primaryimage","url":"https:\/\/accessrec.eu\/wp-content\/uploads\/2022\/03\/mobi-walk-sur-herbe.jpg","contentUrl":"https:\/\/accessrec.eu\/wp-content\/uploads\/2022\/03\/mobi-walk-sur-herbe.jpg","width":855,"height":624,"caption":"xr:d:DAFUL6ye29I:5,j:147381454,t:22120815"},{"@type":"BreadcrumbList","@id":"https:\/\/accessrec.eu\/pl\/maty-do-poruszania-sie-i-dostepu\/sprzet\/mobi-walk\/#breadcrumb","itemListElement":[{"@type":"ListItem","position":1,"name":"Accueil","item":"https:\/\/accessrec.eu\/pl\/?page_id=36822"},{"@type":"ListItem","position":2,"name":"Produkty","item":"https:\/\/accessrec.eu\/pl\/shop\/"},{"@type":"ListItem","position":3,"name":"Maty do poruszania si\u0119 i dost\u0119pu","item":"https:\/\/accessrec.eu\/pl\/maty-do-poruszania-sie-i-dostepu\/"},{"@type":"ListItem","position":4,"name":"Sprz\u0119t","item":"https:\/\/accessrec.eu\/pl\/maty-do-poruszania-sie-i-dostepu\/sprzet\/"},{"@type":"ListItem","position":5,"name":"Mobi-walk &#8211; Chodzik pla\u017cowy i terenowy na k\u00f3\u0142kach"}]},{"@type":"WebSite","@id":"https:\/\/accessrec.eu\/pl\/#website","url":"https:\/\/accessrec.eu\/pl\/","name":"Accessrec","description":"","publisher":{"@id":"https:\/\/accessrec.eu\/pl\/#organization"},"potentialAction":[{"@type":"SearchAction","target":{"@type":"EntryPoint","urlTemplate":"https:\/\/accessrec.eu\/pl\/?s={search_term_string}"},"query-input":{"@type":"PropertyValueSpecification","valueRequired":true,"valueName":"search_term_string"}}],"inLanguage":"pl-PL"},{"@type":"Organization","@id":"https:\/\/accessrec.eu\/pl\/#organization","name":"Accessrec","url":"https:\/\/accessrec.eu\/pl\/","logo":{"@type":"ImageObject","inLanguage":"pl-PL","@id":"https:\/\/accessrec.eu\/pl\/#\/schema\/logo\/image\/","url":"https:\/\/accessrec.eu\/wp-content\/uploads\/2025\/11\/accessrec-by-deschamps.webp","contentUrl":"https:\/\/accessrec.eu\/wp-content\/uploads\/2025\/11\/accessrec-by-deschamps.webp","width":600,"height":150,"caption":"Accessrec"},"image":{"@id":"https:\/\/accessrec.eu\/pl\/#\/schema\/logo\/image\/"}}]}},"_links":{"self":[{"href":"https:\/\/accessrec.eu\/pl\/wp-json\/wp\/v2\/product\/16912","targetHints":{"allow":["GET"]}}],"collection":[{"href":"https:\/\/accessrec.eu\/pl\/wp-json\/wp\/v2\/product"}],"about":[{"href":"https:\/\/accessrec.eu\/pl\/wp-json\/wp\/v2\/types\/product"}],"replies":[{"embeddable":true,"href":"https:\/\/accessrec.eu\/pl\/wp-json\/wp\/v2\/comments?post=16912"}],"wp:featuredmedia":[{"embeddable":true,"href":"https:\/\/accessrec.eu\/pl\/wp-json\/wp\/v2\/media\/34356"}],"wp:attachment":[{"href":"https:\/\/accessrec.eu\/pl\/wp-json\/wp\/v2\/media?parent=16912"}],"wp:term":[{"taxonomy":"product_brand","embeddable":true,"href":"https:\/\/accessrec.eu\/pl\/wp-json\/wp\/v2\/product_brand?post=16912"},{"taxonomy":"product_cat","embeddable":true,"href":"https:\/\/accessrec.eu\/pl\/wp-json\/wp\/v2\/product_cat?post=16912"},{"taxonomy":"product_tag","embeddable":true,"href":"https:\/\/accessrec.eu\/pl\/wp-json\/wp\/v2\/product_tag?post=16912"}],"curies":[{"name":"wp","href":"https:\/\/api.w.org\/{rel}","templated":true}]}}