{"id":15801,"date":"2023-04-25T13:58:08","date_gmt":"2023-04-25T11:58:08","guid":{"rendered":"https:\/\/accessrec.eu\/product\/kategorilenmemis\/accessound-gorme-engelliler-icin-yuzme-kaski\/"},"modified":"2024-05-28T09:23:41","modified_gmt":"2024-05-28T07:23:41","slug":"accessound-le-casque-dacces-a-la-baignade-for-the-sighted","status":"publish","type":"product","link":"https:\/\/accessrec.eu\/tr\/hareket-ve-erisim-paspaslari\/techizat\/accessound-le-casque-dacces-a-la-baignade-for-the-sighted\/","title":{"rendered":"Accessound &#8211; g\u00f6rme engelliler i\u00e7in y\u00fczme kask\u0131"},"content":{"rendered":"","protected":false},"excerpt":{"rendered":"<p>G\u00f6rme engelliler i\u00e7in y\u00fczme kasklar\u0131<\/p>\n","protected":false},"featured_media":15842,"comment_status":"open","ping_status":"closed","template":"","meta":{"_acf_changed":false,"site-sidebar-layout":"default","site-content-layout":"default","ast-site-content-layout":"default","site-content-style":"default","site-sidebar-style":"default","ast-global-header-display":"","ast-banner-title-visibility":"","ast-main-header-display":"","ast-hfb-above-header-display":"","ast-hfb-below-header-display":"","ast-hfb-mobile-header-display":"","site-post-title":"","ast-breadcrumbs-content":"","ast-featured-img":"","footer-sml-layout":"","theme-transparent-header-meta":"default","adv-header-id-meta":"","stick-header-meta":"","header-above-stick-meta":"","header-main-stick-meta":"","header-below-stick-meta":"","astra-migrate-meta-layouts":"default","ast-page-background-enabled":"default","ast-page-background-meta":{"desktop":{"background-color":"","background-image":"","background-repeat":"repeat","background-position":"center center","background-size":"auto","background-attachment":"scroll","background-type":"","background-media":"","overlay-type":"","overlay-color":"","overlay-opacity":"","overlay-gradient":""},"tablet":{"background-color":"","background-image":"","background-repeat":"repeat","background-position":"center center","background-size":"auto","background-attachment":"scroll","background-type":"","background-media":"","overlay-type":"","overlay-color":"","overlay-opacity":"","overlay-gradient":""},"mobile":{"background-color":"","background-image":"","background-repeat":"repeat","background-position":"center center","background-size":"auto","background-attachment":"scroll","background-type":"","background-media":"","overlay-type":"","overlay-color":"","overlay-opacity":"","overlay-gradient":""}},"ast-content-background-meta":{"desktop":{"background-color":"var(--ast-global-color-5)","background-image":"","background-repeat":"repeat","background-position":"center center","background-size":"auto","background-attachment":"scroll","background-type":"","background-media":"","overlay-type":"","overlay-color":"","overlay-opacity":"","overlay-gradient":""},"tablet":{"background-color":"var(--ast-global-color-5)","background-image":"","background-repeat":"repeat","background-position":"center center","background-size":"auto","background-attachment":"scroll","background-type":"","background-media":"","overlay-type":"","overlay-color":"","overlay-opacity":"","overlay-gradient":""},"mobile":{"background-color":"var(--ast-global-color-5)","background-image":"","background-repeat":"repeat","background-position":"center center","background-size":"auto","background-attachment":"scroll","background-type":"","background-media":"","overlay-type":"","overlay-color":"","overlay-opacity":"","overlay-gradient":""}}},"product_brand":[],"product_cat":[1211,1345,1347],"product_tag":[],"class_list":{"0":"post-15801","1":"product","2":"type-product","3":"status-publish","4":"has-post-thumbnail","6":"product_cat-havuz","7":"product_cat-sahil","8":"product_cat-techizat","9":"desktop-align-left","10":"tablet-align-left","11":"mobile-align-left","13":"first","14":"instock","15":"taxable","16":"shipping-taxable","17":"purchasable","18":"product-type-simple"},"acf":[],"yoast_head":"<!-- This site is optimized with the Yoast SEO plugin v27.5 - https:\/\/yoast.com\/product\/yoast-seo-wordpress\/ -->\n<title>Accessound - g\u00f6rme engelliler i\u00e7in y\u00fczme kask\u0131 | Accessrec<\/title>\n<meta name=\"robots\" content=\"index, follow, max-snippet:-1, max-image-preview:large, max-video-preview:-1\" \/>\n<link rel=\"canonical\" href=\"https:\/\/accessrec.eu\/tr\/hareket-ve-erisim-paspaslari\/techizat\/accessound-le-casque-dacces-a-la-baignade-for-the-sighted\/\" \/>\n<meta property=\"og:locale\" content=\"tr_TR\" \/>\n<meta property=\"og:type\" content=\"article\" \/>\n<meta property=\"og:title\" content=\"Accessound - g\u00f6rme engelliler i\u00e7in y\u00fczme kask\u0131 | Accessrec\" \/>\n<meta property=\"og:description\" content=\"G\u00f6rme engelliler i\u00e7in y\u00fczme kasklar\u0131\" \/>\n<meta property=\"og:url\" content=\"https:\/\/accessrec.eu\/tr\/hareket-ve-erisim-paspaslari\/techizat\/accessound-le-casque-dacces-a-la-baignade-for-the-sighted\/\" \/>\n<meta property=\"og:site_name\" content=\"Accessrec\" \/>\n<meta property=\"article:modified_time\" content=\"2024-05-28T07:23:41+00:00\" \/>\n<meta property=\"og:image\" content=\"https:\/\/accessrec.eu\/wp-content\/uploads\/2023\/04\/accessound.jpg\" \/>\n\t<meta property=\"og:image:width\" content=\"855\" \/>\n\t<meta property=\"og:image:height\" content=\"624\" \/>\n\t<meta property=\"og:image:type\" content=\"image\/jpeg\" \/>\n<meta name=\"twitter:card\" content=\"summary_large_image\" \/>\n<script type=\"application\/ld+json\" class=\"yoast-schema-graph\">{\"@context\":\"https:\\\/\\\/schema.org\",\"@graph\":[{\"@type\":\"WebPage\",\"@id\":\"https:\\\/\\\/accessrec.eu\\\/tr\\\/hareket-ve-erisim-paspaslari\\\/techizat\\\/accessound-le-casque-dacces-a-la-baignade-for-the-sighted\\\/\",\"url\":\"https:\\\/\\\/accessrec.eu\\\/tr\\\/hareket-ve-erisim-paspaslari\\\/techizat\\\/accessound-le-casque-dacces-a-la-baignade-for-the-sighted\\\/\",\"name\":\"Accessound - g\u00f6rme engelliler i\u00e7in y\u00fczme kask\u0131 | Accessrec\",\"isPartOf\":{\"@id\":\"https:\\\/\\\/accessrec.eu\\\/tr\\\/#website\"},\"primaryImageOfPage\":{\"@id\":\"https:\\\/\\\/accessrec.eu\\\/tr\\\/hareket-ve-erisim-paspaslari\\\/techizat\\\/accessound-le-casque-dacces-a-la-baignade-for-the-sighted\\\/#primaryimage\"},\"image\":{\"@id\":\"https:\\\/\\\/accessrec.eu\\\/tr\\\/hareket-ve-erisim-paspaslari\\\/techizat\\\/accessound-le-casque-dacces-a-la-baignade-for-the-sighted\\\/#primaryimage\"},\"thumbnailUrl\":\"https:\\\/\\\/accessrec.eu\\\/wp-content\\\/uploads\\\/2023\\\/04\\\/accessound.jpg\",\"datePublished\":\"2023-04-25T11:58:08+00:00\",\"dateModified\":\"2024-05-28T07:23:41+00:00\",\"breadcrumb\":{\"@id\":\"https:\\\/\\\/accessrec.eu\\\/tr\\\/hareket-ve-erisim-paspaslari\\\/techizat\\\/accessound-le-casque-dacces-a-la-baignade-for-the-sighted\\\/#breadcrumb\"},\"inLanguage\":\"tr\",\"potentialAction\":[{\"@type\":\"ReadAction\",\"target\":[\"https:\\\/\\\/accessrec.eu\\\/tr\\\/hareket-ve-erisim-paspaslari\\\/techizat\\\/accessound-le-casque-dacces-a-la-baignade-for-the-sighted\\\/\"]}]},{\"@type\":\"ImageObject\",\"inLanguage\":\"tr\",\"@id\":\"https:\\\/\\\/accessrec.eu\\\/tr\\\/hareket-ve-erisim-paspaslari\\\/techizat\\\/accessound-le-casque-dacces-a-la-baignade-for-the-sighted\\\/#primaryimage\",\"url\":\"https:\\\/\\\/accessrec.eu\\\/wp-content\\\/uploads\\\/2023\\\/04\\\/accessound.jpg\",\"contentUrl\":\"https:\\\/\\\/accessrec.eu\\\/wp-content\\\/uploads\\\/2023\\\/04\\\/accessound.jpg\",\"width\":855,\"height\":624,\"caption\":\"Accessound\"},{\"@type\":\"BreadcrumbList\",\"@id\":\"https:\\\/\\\/accessrec.eu\\\/tr\\\/hareket-ve-erisim-paspaslari\\\/techizat\\\/accessound-le-casque-dacces-a-la-baignade-for-the-sighted\\\/#breadcrumb\",\"itemListElement\":[{\"@type\":\"ListItem\",\"position\":1,\"name\":\"Accueil\",\"item\":\"https:\\\/\\\/accessrec.eu\\\/tr\\\/?page_id=36786\"},{\"@type\":\"ListItem\",\"position\":2,\"name\":\"\u00dcr\u00fcnler\",\"item\":\"https:\\\/\\\/accessrec.eu\\\/tr\\\/shop\\\/\"},{\"@type\":\"ListItem\",\"position\":3,\"name\":\"Y\u00fczme ve f\u0131rlatma\",\"item\":\"https:\\\/\\\/accessrec.eu\\\/tr\\\/yuzme-ve-firlatma\\\/\"},{\"@type\":\"ListItem\",\"position\":4,\"name\":\"Sahil\",\"item\":\"https:\\\/\\\/accessrec.eu\\\/tr\\\/yuzme-ve-firlatma\\\/sahil\\\/\"},{\"@type\":\"ListItem\",\"position\":5,\"name\":\"Accessound &#8211; g\u00f6rme engelliler i\u00e7in y\u00fczme kask\u0131\"}]},{\"@type\":\"WebSite\",\"@id\":\"https:\\\/\\\/accessrec.eu\\\/tr\\\/#website\",\"url\":\"https:\\\/\\\/accessrec.eu\\\/tr\\\/\",\"name\":\"Accessrec\",\"description\":\"\",\"publisher\":{\"@id\":\"https:\\\/\\\/accessrec.eu\\\/tr\\\/#organization\"},\"potentialAction\":[{\"@type\":\"SearchAction\",\"target\":{\"@type\":\"EntryPoint\",\"urlTemplate\":\"https:\\\/\\\/accessrec.eu\\\/tr\\\/?s={search_term_string}\"},\"query-input\":{\"@type\":\"PropertyValueSpecification\",\"valueRequired\":true,\"valueName\":\"search_term_string\"}}],\"inLanguage\":\"tr\"},{\"@type\":\"Organization\",\"@id\":\"https:\\\/\\\/accessrec.eu\\\/tr\\\/#organization\",\"name\":\"Accessrec\",\"url\":\"https:\\\/\\\/accessrec.eu\\\/tr\\\/\",\"logo\":{\"@type\":\"ImageObject\",\"inLanguage\":\"tr\",\"@id\":\"https:\\\/\\\/accessrec.eu\\\/tr\\\/#\\\/schema\\\/logo\\\/image\\\/\",\"url\":\"https:\\\/\\\/accessrec.eu\\\/wp-content\\\/uploads\\\/2025\\\/11\\\/accessrec-by-deschamps.webp\",\"contentUrl\":\"https:\\\/\\\/accessrec.eu\\\/wp-content\\\/uploads\\\/2025\\\/11\\\/accessrec-by-deschamps.webp\",\"width\":600,\"height\":150,\"caption\":\"Accessrec\"},\"image\":{\"@id\":\"https:\\\/\\\/accessrec.eu\\\/tr\\\/#\\\/schema\\\/logo\\\/image\\\/\"}}]}<\/script>\n<!-- \/ Yoast SEO plugin. -->","yoast_head_json":{"title":"Accessound - g\u00f6rme engelliler i\u00e7in y\u00fczme kask\u0131 | Accessrec","robots":{"index":"index","follow":"follow","max-snippet":"max-snippet:-1","max-image-preview":"max-image-preview:large","max-video-preview":"max-video-preview:-1"},"canonical":"https:\/\/accessrec.eu\/tr\/hareket-ve-erisim-paspaslari\/techizat\/accessound-le-casque-dacces-a-la-baignade-for-the-sighted\/","og_locale":"tr_TR","og_type":"article","og_title":"Accessound - g\u00f6rme engelliler i\u00e7in y\u00fczme kask\u0131 | Accessrec","og_description":"G\u00f6rme engelliler i\u00e7in y\u00fczme kasklar\u0131","og_url":"https:\/\/accessrec.eu\/tr\/hareket-ve-erisim-paspaslari\/techizat\/accessound-le-casque-dacces-a-la-baignade-for-the-sighted\/","og_site_name":"Accessrec","article_modified_time":"2024-05-28T07:23:41+00:00","og_image":[{"width":855,"height":624,"url":"https:\/\/accessrec.eu\/wp-content\/uploads\/2023\/04\/accessound.jpg","type":"image\/jpeg"}],"twitter_card":"summary_large_image","schema":{"@context":"https:\/\/schema.org","@graph":[{"@type":"WebPage","@id":"https:\/\/accessrec.eu\/tr\/hareket-ve-erisim-paspaslari\/techizat\/accessound-le-casque-dacces-a-la-baignade-for-the-sighted\/","url":"https:\/\/accessrec.eu\/tr\/hareket-ve-erisim-paspaslari\/techizat\/accessound-le-casque-dacces-a-la-baignade-for-the-sighted\/","name":"Accessound - g\u00f6rme engelliler i\u00e7in y\u00fczme kask\u0131 | Accessrec","isPartOf":{"@id":"https:\/\/accessrec.eu\/tr\/#website"},"primaryImageOfPage":{"@id":"https:\/\/accessrec.eu\/tr\/hareket-ve-erisim-paspaslari\/techizat\/accessound-le-casque-dacces-a-la-baignade-for-the-sighted\/#primaryimage"},"image":{"@id":"https:\/\/accessrec.eu\/tr\/hareket-ve-erisim-paspaslari\/techizat\/accessound-le-casque-dacces-a-la-baignade-for-the-sighted\/#primaryimage"},"thumbnailUrl":"https:\/\/accessrec.eu\/wp-content\/uploads\/2023\/04\/accessound.jpg","datePublished":"2023-04-25T11:58:08+00:00","dateModified":"2024-05-28T07:23:41+00:00","breadcrumb":{"@id":"https:\/\/accessrec.eu\/tr\/hareket-ve-erisim-paspaslari\/techizat\/accessound-le-casque-dacces-a-la-baignade-for-the-sighted\/#breadcrumb"},"inLanguage":"tr","potentialAction":[{"@type":"ReadAction","target":["https:\/\/accessrec.eu\/tr\/hareket-ve-erisim-paspaslari\/techizat\/accessound-le-casque-dacces-a-la-baignade-for-the-sighted\/"]}]},{"@type":"ImageObject","inLanguage":"tr","@id":"https:\/\/accessrec.eu\/tr\/hareket-ve-erisim-paspaslari\/techizat\/accessound-le-casque-dacces-a-la-baignade-for-the-sighted\/#primaryimage","url":"https:\/\/accessrec.eu\/wp-content\/uploads\/2023\/04\/accessound.jpg","contentUrl":"https:\/\/accessrec.eu\/wp-content\/uploads\/2023\/04\/accessound.jpg","width":855,"height":624,"caption":"Accessound"},{"@type":"BreadcrumbList","@id":"https:\/\/accessrec.eu\/tr\/hareket-ve-erisim-paspaslari\/techizat\/accessound-le-casque-dacces-a-la-baignade-for-the-sighted\/#breadcrumb","itemListElement":[{"@type":"ListItem","position":1,"name":"Accueil","item":"https:\/\/accessrec.eu\/tr\/?page_id=36786"},{"@type":"ListItem","position":2,"name":"\u00dcr\u00fcnler","item":"https:\/\/accessrec.eu\/tr\/shop\/"},{"@type":"ListItem","position":3,"name":"Y\u00fczme ve f\u0131rlatma","item":"https:\/\/accessrec.eu\/tr\/yuzme-ve-firlatma\/"},{"@type":"ListItem","position":4,"name":"Sahil","item":"https:\/\/accessrec.eu\/tr\/yuzme-ve-firlatma\/sahil\/"},{"@type":"ListItem","position":5,"name":"Accessound &#8211; g\u00f6rme engelliler i\u00e7in y\u00fczme kask\u0131"}]},{"@type":"WebSite","@id":"https:\/\/accessrec.eu\/tr\/#website","url":"https:\/\/accessrec.eu\/tr\/","name":"Accessrec","description":"","publisher":{"@id":"https:\/\/accessrec.eu\/tr\/#organization"},"potentialAction":[{"@type":"SearchAction","target":{"@type":"EntryPoint","urlTemplate":"https:\/\/accessrec.eu\/tr\/?s={search_term_string}"},"query-input":{"@type":"PropertyValueSpecification","valueRequired":true,"valueName":"search_term_string"}}],"inLanguage":"tr"},{"@type":"Organization","@id":"https:\/\/accessrec.eu\/tr\/#organization","name":"Accessrec","url":"https:\/\/accessrec.eu\/tr\/","logo":{"@type":"ImageObject","inLanguage":"tr","@id":"https:\/\/accessrec.eu\/tr\/#\/schema\/logo\/image\/","url":"https:\/\/accessrec.eu\/wp-content\/uploads\/2025\/11\/accessrec-by-deschamps.webp","contentUrl":"https:\/\/accessrec.eu\/wp-content\/uploads\/2025\/11\/accessrec-by-deschamps.webp","width":600,"height":150,"caption":"Accessrec"},"image":{"@id":"https:\/\/accessrec.eu\/tr\/#\/schema\/logo\/image\/"}}]}},"_links":{"self":[{"href":"https:\/\/accessrec.eu\/tr\/wp-json\/wp\/v2\/product\/15801","targetHints":{"allow":["GET"]}}],"collection":[{"href":"https:\/\/accessrec.eu\/tr\/wp-json\/wp\/v2\/product"}],"about":[{"href":"https:\/\/accessrec.eu\/tr\/wp-json\/wp\/v2\/types\/product"}],"replies":[{"embeddable":true,"href":"https:\/\/accessrec.eu\/tr\/wp-json\/wp\/v2\/comments?post=15801"}],"wp:featuredmedia":[{"embeddable":true,"href":"https:\/\/accessrec.eu\/tr\/wp-json\/wp\/v2\/media\/15842"}],"wp:attachment":[{"href":"https:\/\/accessrec.eu\/tr\/wp-json\/wp\/v2\/media?parent=15801"}],"wp:term":[{"taxonomy":"product_brand","embeddable":true,"href":"https:\/\/accessrec.eu\/tr\/wp-json\/wp\/v2\/product_brand?post=15801"},{"taxonomy":"product_cat","embeddable":true,"href":"https:\/\/accessrec.eu\/tr\/wp-json\/wp\/v2\/product_cat?post=15801"},{"taxonomy":"product_tag","embeddable":true,"href":"https:\/\/accessrec.eu\/tr\/wp-json\/wp\/v2\/product_tag?post=15801"}],"curies":[{"name":"wp","href":"https:\/\/api.w.org\/{rel}","templated":true}]}}